{"id":6833,"date":"2018-03-27T20:20:46","date_gmt":"2018-03-27T18:20:46","guid":{"rendered":"https:\/\/www.turismochelva.es\/inicio\/"},"modified":"2021-06-30T13:03:33","modified_gmt":"2021-06-30T11:03:33","slug":"inicio","status":"publish","type":"page","link":"https:\/\/www.turismochelva.es\/ca\/","title":{"rendered":"Inici"},"content":{"rendered":"<p>[vc_row content_text_aligment=&#8221;right&#8221; overlapping_text=&#8221;XELVA&#8221; overlapping_text_color=&#8221;#f4f4f4&#8243; css=&#8221;.vc_custom_1624982019242{margin-top: -80px !important;background-color: #ffffff !important;}&#8221;][vc_column][rev_slider_vc alias=&#8221;va-chelva-homepage&#8221; enable_paspartu=&#8221;no&#8221;][\/vc_column][\/vc_row][vc_row row_content_width=&#8221;grid&#8221;][vc_column][vc_empty_space height=&#8221;60px&#8221;]<div class=\"qodef-section-title-holder  qodef-st-standard qodef-st-title-left qodef-st-normal-space qodef-st-disable-title-break qodef-st-with-border\" style=\"text-align: left\">\n\t<div class=\"qodef-st-inner\">\n\t\t\t\t\t<h2 class=\"qodef-st-title\" >\n\t\t\t\tConeix els <span class=\"qodef-st-title-bold\">atractius<\/span><br \/> de Xelva\t\t\t<\/h2>\n\t\t\t\t\t<\/div>\n<\/div>[vc_empty_space height=&#8221;60px&#8221;][\/vc_column][\/vc_row][vc_row css=&#8221;.vc_custom_1530700234414{padding-top: 10px !important;padding-right: 10px !important;padding-left: 10px !important;}&#8221; simple_background_color=&#8221;#f6f6f6&#8243;][vc_column]<div class=\"qodef-tours-destination-grid\">\n\t\t\t<div class=\"qodef-tours-destination-holder qodef-tours-row qodef-tr-tiny-space qodef-tours-columns-4 qodef-dg-light-skin\">\n\t        <div class=\"qodef-tours-row-inner-holder\">\n\t\t\t\t\t\t\t\t\t\n\t\t\t\t\t\t\t\t\t\t\t<div class=\"qodef-tours-destination-grid-item qodef-tours-row-item post-7162 destinations type-destinations status-draft has-post-thumbnail hentry\">\n\t\t\t\t\t\t\t<div class=\"qodef-tours-destination-item-holder\">\n\t\t\t\t\t\t\t\t<a href=\"https:\/\/www.turismochelva.es\/ca\/?post_type=destinations&#038;p=7162\">\n\t\t\t\t\t\t\t\t\t<div class=\"qodef-tours-destination-item-image\">\n\t\t\t\t\t\t\t\t\t\t<img width=\"1100\" height=\"550\" src=\"https:\/\/www.turismochelva.es\/wp-content\/uploads\/2021\/11\/Imagen-de-archivo-9-1100x550.png\" class=\"attachment-getaway_qodef_landscape size-getaway_qodef_landscape wp-post-image\" alt=\"\" loading=\"lazy\" \/>\t\t\t\t\t\t\t\t\t<\/div>\n\n\t\t\t\t\t\t\t\t\t<div class=\"qodef-tours-destination-item-content\">\n\t\t\t\t\t\t\t\t\t\t<div class=\"qodef-tours-destination-item-content-inner\">\n\t\t\t\t\t\t\t\t\t\t\t<h3 class=\"qodef-tours-destination-item-title\">#B\u00e9sameEnChelva<\/h3>\n\t\t\t\t\t\t\t\t\t\t<\/div>\n\t\t\t\t\t\t\t\t\t<\/div>\n\t\t\t\t\t\t\t\t<\/a>\n\t\t\t\t\t\t\t<\/div>\n\t\t\t\t\t\t<\/div>\n\t\t\t\t\t\t\t\t\t\t\t\t\t\t\n\t\t\t\t\t\t\t\t\t\t\t<div class=\"qodef-tours-destination-grid-item qodef-tours-row-item post-6211 destinations type-destinations status-publish has-post-thumbnail hentry\">\n\t\t\t\t\t\t\t<div class=\"qodef-tours-destination-item-holder\">\n\t\t\t\t\t\t\t\t<a href=\"https:\/\/www.turismochelva.es\/ca\/quever\/antiga-muralla-de-xelva\/\">\n\t\t\t\t\t\t\t\t\t<div class=\"qodef-tours-destination-item-image\">\n\t\t\t\t\t\t\t\t\t\t<img width=\"800\" height=\"550\" src=\"https:\/\/www.turismochelva.es\/wp-content\/uploads\/2021\/06\/muralla-llistat-800x550.png\" class=\"attachment-getaway_qodef_landscape size-getaway_qodef_landscape wp-post-image\" alt=\"\" loading=\"lazy\" \/>\t\t\t\t\t\t\t\t\t<\/div>\n\n\t\t\t\t\t\t\t\t\t<div class=\"qodef-tours-destination-item-content\">\n\t\t\t\t\t\t\t\t\t\t<div class=\"qodef-tours-destination-item-content-inner\">\n\t\t\t\t\t\t\t\t\t\t\t<h3 class=\"qodef-tours-destination-item-title\">Antiga Muralla de Xelva<\/h3>\n\t\t\t\t\t\t\t\t\t\t<\/div>\n\t\t\t\t\t\t\t\t\t<\/div>\n\t\t\t\t\t\t\t\t<\/a>\n\t\t\t\t\t\t\t<\/div>\n\t\t\t\t\t\t<\/div>\n\t\t\t\t\t\t\t\t\t\t\t\t\t\t\n\t\t\t\t\t\t\t\t\t\t\t<div class=\"qodef-tours-destination-grid-item qodef-tours-row-item post-6375 destinations type-destinations status-publish has-post-thumbnail hentry\">\n\t\t\t\t\t\t\t<div class=\"qodef-tours-destination-item-holder\">\n\t\t\t\t\t\t\t\t<a href=\"https:\/\/www.turismochelva.es\/ca\/quever\/internacionals-btt\/\">\n\t\t\t\t\t\t\t\t\t<div class=\"qodef-tours-destination-item-image\">\n\t\t\t\t\t\t\t\t\t\t<img width=\"800\" height=\"550\" src=\"https:\/\/www.turismochelva.es\/wp-content\/uploads\/2021\/06\/btt-llistat-800x550.jpg\" class=\"attachment-getaway_qodef_landscape size-getaway_qodef_landscape wp-post-image\" alt=\"\" loading=\"lazy\" \/>\t\t\t\t\t\t\t\t\t<\/div>\n\n\t\t\t\t\t\t\t\t\t<div class=\"qodef-tours-destination-item-content\">\n\t\t\t\t\t\t\t\t\t\t<div class=\"qodef-tours-destination-item-content-inner\">\n\t\t\t\t\t\t\t\t\t\t\t<h3 class=\"qodef-tours-destination-item-title\">Internacionals BTT<\/h3>\n\t\t\t\t\t\t\t\t\t\t<\/div>\n\t\t\t\t\t\t\t\t\t<\/div>\n\t\t\t\t\t\t\t\t<\/a>\n\t\t\t\t\t\t\t<\/div>\n\t\t\t\t\t\t<\/div>\n\t\t\t\t\t\t\t\t\t\t\t\t\t\t\n\t\t\t\t\t\t\t\t\t\t\t<div class=\"qodef-tours-destination-grid-item qodef-tours-row-item post-6372 destinations type-destinations status-publish has-post-thumbnail hentry\">\n\t\t\t\t\t\t\t<div class=\"qodef-tours-destination-item-holder\">\n\t\t\t\t\t\t\t\t<a href=\"https:\/\/www.turismochelva.es\/ca\/quever\/festes-de-xelva\/\">\n\t\t\t\t\t\t\t\t\t<div class=\"qodef-tours-destination-item-image\">\n\t\t\t\t\t\t\t\t\t\t<img width=\"800\" height=\"550\" src=\"https:\/\/www.turismochelva.es\/wp-content\/uploads\/2018\/03\/fiestas-llistat-800x550.jpg\" class=\"attachment-getaway_qodef_landscape size-getaway_qodef_landscape wp-post-image\" alt=\"\" loading=\"lazy\" \/>\t\t\t\t\t\t\t\t\t<\/div>\n\n\t\t\t\t\t\t\t\t\t<div class=\"qodef-tours-destination-item-content\">\n\t\t\t\t\t\t\t\t\t\t<div class=\"qodef-tours-destination-item-content-inner\">\n\t\t\t\t\t\t\t\t\t\t\t<h3 class=\"qodef-tours-destination-item-title\">Festes de Xelva<\/h3>\n\t\t\t\t\t\t\t\t\t\t<\/div>\n\t\t\t\t\t\t\t\t\t<\/div>\n\t\t\t\t\t\t\t\t<\/a>\n\t\t\t\t\t\t\t<\/div>\n\t\t\t\t\t\t<\/div>\n\t\t\t\t\t\t\t\t\t\t\t\t\t\t\n\t\t\t\t\t\t\t\t\t\t\t<div class=\"qodef-tours-destination-grid-item qodef-tours-row-item post-6256 destinations type-destinations status-publish has-post-thumbnail hentry\">\n\t\t\t\t\t\t\t<div class=\"qodef-tours-destination-item-holder\">\n\t\t\t\t\t\t\t\t<a href=\"https:\/\/www.turismochelva.es\/ca\/quever\/al%c2%b7leluies\/\">\n\t\t\t\t\t\t\t\t\t<div class=\"qodef-tours-destination-item-image\">\n\t\t\t\t\t\t\t\t\t\t<img width=\"800\" height=\"550\" src=\"https:\/\/www.turismochelva.es\/wp-content\/uploads\/2018\/03\/aleluyas-llistat-800x550.jpg\" class=\"attachment-getaway_qodef_landscape size-getaway_qodef_landscape wp-post-image\" alt=\"\" loading=\"lazy\" \/>\t\t\t\t\t\t\t\t\t<\/div>\n\n\t\t\t\t\t\t\t\t\t<div class=\"qodef-tours-destination-item-content\">\n\t\t\t\t\t\t\t\t\t\t<div class=\"qodef-tours-destination-item-content-inner\">\n\t\t\t\t\t\t\t\t\t\t\t<h3 class=\"qodef-tours-destination-item-title\">Al\u00b7leluies<\/h3>\n\t\t\t\t\t\t\t\t\t\t<\/div>\n\t\t\t\t\t\t\t\t\t<\/div>\n\t\t\t\t\t\t\t\t<\/a>\n\t\t\t\t\t\t\t<\/div>\n\t\t\t\t\t\t<\/div>\n\t\t\t\t\t\t\t\t\t\t\t\t\t\t\n\t\t\t\t\t\t\t\t\t\t\t<div class=\"qodef-tours-destination-grid-item qodef-tours-row-item post-6254 destinations type-destinations status-publish has-post-thumbnail hentry\">\n\t\t\t\t\t\t\t<div class=\"qodef-tours-destination-item-holder\">\n\t\t\t\t\t\t\t\t<a href=\"https:\/\/www.turismochelva.es\/ca\/quever\/raval-cultural\/\">\n\t\t\t\t\t\t\t\t\t<div class=\"qodef-tours-destination-item-image\">\n\t\t\t\t\t\t\t\t\t\t<img width=\"800\" height=\"550\" src=\"https:\/\/www.turismochelva.es\/wp-content\/uploads\/2018\/03\/arrabal-cultura-llistat-800x550.jpg\" class=\"attachment-getaway_qodef_landscape size-getaway_qodef_landscape wp-post-image\" alt=\"\" loading=\"lazy\" \/>\t\t\t\t\t\t\t\t\t<\/div>\n\n\t\t\t\t\t\t\t\t\t<div class=\"qodef-tours-destination-item-content\">\n\t\t\t\t\t\t\t\t\t\t<div class=\"qodef-tours-destination-item-content-inner\">\n\t\t\t\t\t\t\t\t\t\t\t<h3 class=\"qodef-tours-destination-item-title\">Raval Cultural<\/h3>\n\t\t\t\t\t\t\t\t\t\t<\/div>\n\t\t\t\t\t\t\t\t\t<\/div>\n\t\t\t\t\t\t\t\t<\/a>\n\t\t\t\t\t\t\t<\/div>\n\t\t\t\t\t\t<\/div>\n\t\t\t\t\t\t\t\t\t\t\t\t\t\t\n\t\t\t\t\t\t\t\t\t\t\t<div class=\"qodef-tours-destination-grid-item qodef-tours-row-item post-6239 destinations type-destinations status-publish has-post-thumbnail hentry\">\n\t\t\t\t\t\t\t<div class=\"qodef-tours-destination-item-holder\">\n\t\t\t\t\t\t\t\t<a href=\"https:\/\/www.turismochelva.es\/ca\/quever\/cuentanton\/\">\n\t\t\t\t\t\t\t\t\t<div class=\"qodef-tours-destination-item-image\">\n\t\t\t\t\t\t\t\t\t\t<img width=\"1000\" height=\"550\" src=\"https:\/\/www.turismochelva.es\/wp-content\/uploads\/2018\/03\/Diseno-sin-titulo-3-1000x550.png\" class=\"attachment-getaway_qodef_landscape size-getaway_qodef_landscape wp-post-image\" alt=\"\" loading=\"lazy\" \/>\t\t\t\t\t\t\t\t\t<\/div>\n\n\t\t\t\t\t\t\t\t\t<div class=\"qodef-tours-destination-item-content\">\n\t\t\t\t\t\t\t\t\t\t<div class=\"qodef-tours-destination-item-content-inner\">\n\t\t\t\t\t\t\t\t\t\t\t<h3 class=\"qodef-tours-destination-item-title\">Cuentant\u00f3n<\/h3>\n\t\t\t\t\t\t\t\t\t\t<\/div>\n\t\t\t\t\t\t\t\t\t<\/div>\n\t\t\t\t\t\t\t\t<\/a>\n\t\t\t\t\t\t\t<\/div>\n\t\t\t\t\t\t<\/div>\n\t\t\t\t\t\t\t\t\t\t\t\t\t\t\n\t\t\t\t\t\t\t\t\t\t\t<div class=\"qodef-tours-destination-grid-item qodef-tours-row-item post-6237 destinations type-destinations status-publish has-post-thumbnail hentry\">\n\t\t\t\t\t\t\t<div class=\"qodef-tours-destination-item-holder\">\n\t\t\t\t\t\t\t\t<a href=\"https:\/\/www.turismochelva.es\/ca\/quever\/villar-de-tejas\/\">\n\t\t\t\t\t\t\t\t\t<div class=\"qodef-tours-destination-item-image\">\n\t\t\t\t\t\t\t\t\t\t<img width=\"800\" height=\"550\" src=\"https:\/\/www.turismochelva.es\/wp-content\/uploads\/2018\/09\/villar-llistat-800x550.jpg\" class=\"attachment-getaway_qodef_landscape size-getaway_qodef_landscape wp-post-image\" alt=\"\" loading=\"lazy\" \/>\t\t\t\t\t\t\t\t\t<\/div>\n\n\t\t\t\t\t\t\t\t\t<div class=\"qodef-tours-destination-item-content\">\n\t\t\t\t\t\t\t\t\t\t<div class=\"qodef-tours-destination-item-content-inner\">\n\t\t\t\t\t\t\t\t\t\t\t<h3 class=\"qodef-tours-destination-item-title\">Villar de Tejas<\/h3>\n\t\t\t\t\t\t\t\t\t\t<\/div>\n\t\t\t\t\t\t\t\t\t<\/div>\n\t\t\t\t\t\t\t\t<\/a>\n\t\t\t\t\t\t\t<\/div>\n\t\t\t\t\t\t<\/div>\n\t\t\t\t\t\t\t\t\t\t\t\t\t\t\n\t\t\t\t\t\t\t\t\t\t\t<div class=\"qodef-tours-destination-grid-item qodef-tours-row-item post-6235 destinations type-destinations status-publish has-post-thumbnail hentry\">\n\t\t\t\t\t\t\t<div class=\"qodef-tours-destination-item-holder\">\n\t\t\t\t\t\t\t\t<a href=\"https:\/\/www.turismochelva.es\/ca\/quever\/ahillas\/\">\n\t\t\t\t\t\t\t\t\t<div class=\"qodef-tours-destination-item-image\">\n\t\t\t\t\t\t\t\t\t\t<img width=\"800\" height=\"550\" src=\"https:\/\/www.turismochelva.es\/wp-content\/uploads\/2018\/09\/ahillas-llistat-800x550.jpg\" class=\"attachment-getaway_qodef_landscape size-getaway_qodef_landscape wp-post-image\" alt=\"\" loading=\"lazy\" \/>\t\t\t\t\t\t\t\t\t<\/div>\n\n\t\t\t\t\t\t\t\t\t<div class=\"qodef-tours-destination-item-content\">\n\t\t\t\t\t\t\t\t\t\t<div class=\"qodef-tours-destination-item-content-inner\">\n\t\t\t\t\t\t\t\t\t\t\t<h3 class=\"qodef-tours-destination-item-title\">Ahillas<\/h3>\n\t\t\t\t\t\t\t\t\t\t<\/div>\n\t\t\t\t\t\t\t\t\t<\/div>\n\t\t\t\t\t\t\t\t<\/a>\n\t\t\t\t\t\t\t<\/div>\n\t\t\t\t\t\t<\/div>\n\t\t\t\t\t\t\t\t\t\t\t\t\t\t\n\t\t\t\t\t\t\t\t\t\t\t<div class=\"qodef-tours-destination-grid-item qodef-tours-row-item post-6232 destinations type-destinations status-publish has-post-thumbnail hentry\">\n\t\t\t\t\t\t\t<div class=\"qodef-tours-destination-item-holder\">\n\t\t\t\t\t\t\t\t<a href=\"https:\/\/www.turismochelva.es\/ca\/quever\/arees-recreatives\/\">\n\t\t\t\t\t\t\t\t\t<div class=\"qodef-tours-destination-item-image\">\n\t\t\t\t\t\t\t\t\t\t<img width=\"800\" height=\"550\" src=\"https:\/\/www.turismochelva.es\/wp-content\/uploads\/2018\/03\/natura-llistat-800x550.jpg\" class=\"attachment-getaway_qodef_landscape size-getaway_qodef_landscape wp-post-image\" alt=\"\" loading=\"lazy\" \/>\t\t\t\t\t\t\t\t\t<\/div>\n\n\t\t\t\t\t\t\t\t\t<div class=\"qodef-tours-destination-item-content\">\n\t\t\t\t\t\t\t\t\t\t<div class=\"qodef-tours-destination-item-content-inner\">\n\t\t\t\t\t\t\t\t\t\t\t<h3 class=\"qodef-tours-destination-item-title\">\u00c0rees Recreatives<\/h3>\n\t\t\t\t\t\t\t\t\t\t<\/div>\n\t\t\t\t\t\t\t\t\t<\/div>\n\t\t\t\t\t\t\t\t<\/a>\n\t\t\t\t\t\t\t<\/div>\n\t\t\t\t\t\t<\/div>\n\t\t\t\t\t\t\t\t\t\t\t\t\t\t\n\t\t\t\t\t\t\t\t\t\t\t<div class=\"qodef-tours-destination-grid-item qodef-tours-row-item post-6230 destinations type-destinations status-publish has-post-thumbnail hentry\">\n\t\t\t\t\t\t\t<div class=\"qodef-tours-destination-item-holder\">\n\t\t\t\t\t\t\t\t<a href=\"https:\/\/www.turismochelva.es\/ca\/quever\/font-de-la-gitana\/\">\n\t\t\t\t\t\t\t\t\t<div class=\"qodef-tours-destination-item-image\">\n\t\t\t\t\t\t\t\t\t\t<img width=\"800\" height=\"550\" src=\"https:\/\/www.turismochelva.es\/wp-content\/uploads\/2018\/07\/fuente_gitana_llistat-800x550.jpg\" class=\"attachment-getaway_qodef_landscape size-getaway_qodef_landscape wp-post-image\" alt=\"\" loading=\"lazy\" \/>\t\t\t\t\t\t\t\t\t<\/div>\n\n\t\t\t\t\t\t\t\t\t<div class=\"qodef-tours-destination-item-content\">\n\t\t\t\t\t\t\t\t\t\t<div class=\"qodef-tours-destination-item-content-inner\">\n\t\t\t\t\t\t\t\t\t\t\t<h3 class=\"qodef-tours-destination-item-title\">Font de la Gitana<\/h3>\n\t\t\t\t\t\t\t\t\t\t<\/div>\n\t\t\t\t\t\t\t\t\t<\/div>\n\t\t\t\t\t\t\t\t<\/a>\n\t\t\t\t\t\t\t<\/div>\n\t\t\t\t\t\t<\/div>\n\t\t\t\t\t\t\t\t\t\t\t\t\t\t\n\t\t\t\t\t\t\t\t\t\t\t<div class=\"qodef-tours-destination-grid-item qodef-tours-row-item post-6228 destinations type-destinations status-publish has-post-thumbnail hentry\">\n\t\t\t\t\t\t\t<div class=\"qodef-tours-destination-item-holder\">\n\t\t\t\t\t\t\t\t<a href=\"https:\/\/www.turismochelva.es\/ca\/quever\/pont-de-la-mozaira\/\">\n\t\t\t\t\t\t\t\t\t<div class=\"qodef-tours-destination-item-image\">\n\t\t\t\t\t\t\t\t\t\t<img width=\"800\" height=\"550\" src=\"https:\/\/www.turismochelva.es\/wp-content\/uploads\/2018\/03\/puente_mozaira-llistat-800x550.jpg\" class=\"attachment-getaway_qodef_landscape size-getaway_qodef_landscape wp-post-image\" alt=\"\" loading=\"lazy\" \/>\t\t\t\t\t\t\t\t\t<\/div>\n\n\t\t\t\t\t\t\t\t\t<div class=\"qodef-tours-destination-item-content\">\n\t\t\t\t\t\t\t\t\t\t<div class=\"qodef-tours-destination-item-content-inner\">\n\t\t\t\t\t\t\t\t\t\t\t<h3 class=\"qodef-tours-destination-item-title\">Pont de la Mozaira<\/h3>\n\t\t\t\t\t\t\t\t\t\t<\/div>\n\t\t\t\t\t\t\t\t\t<\/div>\n\t\t\t\t\t\t\t\t<\/a>\n\t\t\t\t\t\t\t<\/div>\n\t\t\t\t\t\t<\/div>\n\t\t\t\t\t\t\t\t\t\t\t\t\t\t\n\t\t\t\t\t\t\t\t\t\t\t<div class=\"qodef-tours-destination-grid-item qodef-tours-row-item post-6226 destinations type-destinations status-draft has-post-thumbnail hentry\">\n\t\t\t\t\t\t\t<div class=\"qodef-tours-destination-item-holder\">\n\t\t\t\t\t\t\t\t<a href=\"https:\/\/www.turismochelva.es\/ca\/?post_type=destinations&#038;p=6226\">\n\t\t\t\t\t\t\t\t\t<div class=\"qodef-tours-destination-item-image\">\n\t\t\t\t\t\t\t\t\t\t<img width=\"800\" height=\"550\" src=\"https:\/\/www.turismochelva.es\/wp-content\/uploads\/2018\/03\/IMG_1193-1-800x550.jpg\" class=\"attachment-getaway_qodef_landscape size-getaway_qodef_landscape wp-post-image\" alt=\"\" loading=\"lazy\" \/>\t\t\t\t\t\t\t\t\t<\/div>\n\n\t\t\t\t\t\t\t\t\t<div class=\"qodef-tours-destination-item-content\">\n\t\t\t\t\t\t\t\t\t\t<div class=\"qodef-tours-destination-item-content-inner\">\n\t\t\t\t\t\t\t\t\t\t\t<h3 class=\"qodef-tours-destination-item-title\">La Torreta<\/h3>\n\t\t\t\t\t\t\t\t\t\t<\/div>\n\t\t\t\t\t\t\t\t\t<\/div>\n\t\t\t\t\t\t\t\t<\/a>\n\t\t\t\t\t\t\t<\/div>\n\t\t\t\t\t\t<\/div>\n\t\t\t\t\t\t\t\t\t\t\t\t\t\t\n\t\t\t\t\t\t\t\t\t\t\t<div class=\"qodef-tours-destination-grid-item qodef-tours-row-item post-6224 destinations type-destinations status-publish has-post-thumbnail hentry\">\n\t\t\t\t\t\t\t<div class=\"qodef-tours-destination-item-holder\">\n\t\t\t\t\t\t\t\t<a href=\"https:\/\/www.turismochelva.es\/ca\/quever\/aqueducte-de-penya-tallada\/\">\n\t\t\t\t\t\t\t\t\t<div class=\"qodef-tours-destination-item-image\">\n\t\t\t\t\t\t\t\t\t\t<img width=\"800\" height=\"550\" src=\"https:\/\/www.turismochelva.es\/wp-content\/uploads\/2018\/07\/penya-cortada-llistat-800x550.jpg\" class=\"attachment-getaway_qodef_landscape size-getaway_qodef_landscape wp-post-image\" alt=\"\" loading=\"lazy\" \/>\t\t\t\t\t\t\t\t\t<\/div>\n\n\t\t\t\t\t\t\t\t\t<div class=\"qodef-tours-destination-item-content\">\n\t\t\t\t\t\t\t\t\t\t<div class=\"qodef-tours-destination-item-content-inner\">\n\t\t\t\t\t\t\t\t\t\t\t<h3 class=\"qodef-tours-destination-item-title\">Aq\u00fceducte de Penya Tallada<\/h3>\n\t\t\t\t\t\t\t\t\t\t<\/div>\n\t\t\t\t\t\t\t\t\t<\/div>\n\t\t\t\t\t\t\t\t<\/a>\n\t\t\t\t\t\t\t<\/div>\n\t\t\t\t\t\t<\/div>\n\t\t\t\t\t\t\t\t\t\t\t\t\t\t\n\t\t\t\t\t\t\t\t\t\t\t<div class=\"qodef-tours-destination-grid-item qodef-tours-row-item post-6221 destinations type-destinations status-publish has-post-thumbnail hentry\">\n\t\t\t\t\t\t\t<div class=\"qodef-tours-destination-item-holder\">\n\t\t\t\t\t\t\t\t<a href=\"https:\/\/www.turismochelva.es\/ca\/quever\/la-dula\/\">\n\t\t\t\t\t\t\t\t\t<div class=\"qodef-tours-destination-item-image\">\n\t\t\t\t\t\t\t\t\t\t<img width=\"800\" height=\"550\" src=\"https:\/\/www.turismochelva.es\/wp-content\/uploads\/2020\/04\/dula-llistat-800x550.png\" class=\"attachment-getaway_qodef_landscape size-getaway_qodef_landscape wp-post-image\" alt=\"\" loading=\"lazy\" \/>\t\t\t\t\t\t\t\t\t<\/div>\n\n\t\t\t\t\t\t\t\t\t<div class=\"qodef-tours-destination-item-content\">\n\t\t\t\t\t\t\t\t\t\t<div class=\"qodef-tours-destination-item-content-inner\">\n\t\t\t\t\t\t\t\t\t\t\t<h3 class=\"qodef-tours-destination-item-title\">La Dula<\/h3>\n\t\t\t\t\t\t\t\t\t\t<\/div>\n\t\t\t\t\t\t\t\t\t<\/div>\n\t\t\t\t\t\t\t\t<\/a>\n\t\t\t\t\t\t\t<\/div>\n\t\t\t\t\t\t<\/div>\n\t\t\t\t\t\t\t\t\t\t\t\t\t\t\n\t\t\t\t\t\t\t\t\t\t\t<div class=\"qodef-tours-destination-grid-item qodef-tours-row-item post-6219 destinations type-destinations status-publish has-post-thumbnail hentry\">\n\t\t\t\t\t\t\t<div class=\"qodef-tours-destination-item-holder\">\n\t\t\t\t\t\t\t\t<a href=\"https:\/\/www.turismochelva.es\/ca\/quever\/placa-de-bous\/\">\n\t\t\t\t\t\t\t\t\t<div class=\"qodef-tours-destination-item-image\">\n\t\t\t\t\t\t\t\t\t\t<img width=\"800\" height=\"550\" src=\"https:\/\/www.turismochelva.es\/wp-content\/uploads\/2018\/06\/plaza_toros-llistat-800x550.jpg\" class=\"attachment-getaway_qodef_landscape size-getaway_qodef_landscape wp-post-image\" alt=\"\" loading=\"lazy\" \/>\t\t\t\t\t\t\t\t\t<\/div>\n\n\t\t\t\t\t\t\t\t\t<div class=\"qodef-tours-destination-item-content\">\n\t\t\t\t\t\t\t\t\t\t<div class=\"qodef-tours-destination-item-content-inner\">\n\t\t\t\t\t\t\t\t\t\t\t<h3 class=\"qodef-tours-destination-item-title\">Pla\u00e7a de Bous<\/h3>\n\t\t\t\t\t\t\t\t\t\t<\/div>\n\t\t\t\t\t\t\t\t\t<\/div>\n\t\t\t\t\t\t\t\t<\/a>\n\t\t\t\t\t\t\t<\/div>\n\t\t\t\t\t\t<\/div>\n\t\t\t\t\t\t\t\t\t\t\t\t<\/div>\n\t\t<\/div>\n\n\t\t\n\t<\/div>[\/vc_column][\/vc_row][vc_row row_content_width=&#8221;grid&#8221; css=&#8221;.vc_custom_1504790003226{padding-top: 97px !important;}&#8221;][vc_column]<div class=\"qodef-elements-holder   qodef-one-column  qodef-responsive-mode-768 \" ><div class=\"qodef-eh-item     \"  data-item-class=\"qodef-eh-custom-6128\" data-1024-1280=\"0 42% 0 0\" data-768-1024=\"0 15% 0 0\" data-680-768=\"0 0\" data-680=\"0 0\">\n\t<div class=\"qodef-eh-item-inner\">\n\t\t<div class=\"qodef-eh-item-content qodef-eh-custom-6128\" style=\"padding: 0 50% 0 0\">\n\t\t\t<div class=\"qodef-section-title-holder  qodef-st-standard qodef-st-title-left qodef-st-normal-space qodef-st-disable-title-break qodef-st-with-border\" style=\"text-align: left\">\n\t<div class=\"qodef-st-inner\">\n\t\t\t\t\t<h2 class=\"qodef-st-title\" >\n\t\t\t\t<span class=\"qodef-st-title-bold\">Activitats<\/span> a<br \/> Xelva\t\t\t<\/h2>\n\t\t\t\t\t<\/div>\n<\/div>[vc_empty_space height=&#8221;40px&#8221;]\t\t<\/div>\n\t<\/div>\n\t<\/div><\/div>[\/vc_column][\/vc_row][vc_row][vc_column]<div class=\"qodef-elements-holder   qodef-three-columns  qodef-responsive-mode-768 \" ><div class=\"qodef-eh-item     \"  data-item-class=\"qodef-eh-custom-8075\" data-680=\"0 0\">\n\t<div class=\"qodef-eh-item-inner\">\n\t\t<div class=\"qodef-eh-item-content qodef-eh-custom-8075\" >\n\t\t\t<div class=\"qodef-banner-holder  qodef-simple qodef-banner-info-default\">\n    <div class=\"qodef-banner-image\">\n        <img width=\"800\" height=\"534\" src=\"https:\/\/www.turismochelva.es\/wp-content\/uploads\/2018\/05\/senderismo-chelva.jpg\" class=\"attachment-full size-full\" alt=\"\" loading=\"lazy\" srcset=\"https:\/\/www.turismochelva.es\/wp-content\/uploads\/2018\/05\/senderismo-chelva.jpg 800w, https:\/\/www.turismochelva.es\/wp-content\/uploads\/2018\/05\/senderismo-chelva-600x401.jpg 600w, https:\/\/www.turismochelva.es\/wp-content\/uploads\/2018\/05\/senderismo-chelva-300x200.jpg 300w, https:\/\/www.turismochelva.es\/wp-content\/uploads\/2018\/05\/senderismo-chelva-768x513.jpg 768w\" sizes=\"(max-width: 800px) 100vw, 800px\" \/>    <\/div>\n    <div class=\"qodef-banner-text-holder\" >\n\t    <div class=\"qodef-banner-text-outer\">\n\t\t    <div class=\"qodef-banner-text-inner\">\n\t\t        \t\t        \t\t\t<\/div>\n\t\t<\/div>\n\t<\/div>\n\t        <a itemprop=\"url\" class=\"qodef-banner-link\" href=\"\/ca\/a-peu\" target=\"_self\"><\/a>\n    <\/div>\t\t<\/div>\n\t<\/div>\n\t<\/div><div class=\"qodef-eh-item change-background  qodef-horizontal-alignment-center  \" style=\"background-color: #f700a9\" data-item-class=\"qodef-eh-custom-1724\" data-1280-1600=\"0 0 4% 0\" data-1024-1280=\"0 0 9% 0\" data-768-1024=\"0 0 10% 0\" data-680-768=\"17% 0 20%\" data-680=\"9% 0 26% 0\">\n\t<div class=\"qodef-eh-item-inner\">\n\t\t<div class=\"qodef-eh-item-content qodef-eh-custom-1724\" style=\"padding: 0 0 5% 0\">\n\t\t\t<h2 class=\"qodef-custom-font-holder  qodef-cf-6257  qodef-double-text\" style=\"font-family: MarkMyWords;font-size: 80px;line-height: 85px;text-align: center\" data-item-class=\"qodef-cf-6257\" data-font-size-1440=\"70px\" data-font-size-1280=\"60px\" data-font-size-1024=\"50px\" data-font-size-768=\"165px\" data-font-size-680=\"60px\" data-line-height-1440=\"75px\" data-line-height-1280=\"65px\" data-line-height-1024=\"55px\" data-line-height-768=\"210px\" data-line-height-680=\"87px\">\n\t\t\t<span class=\"qodef-cf-double-text-holder\">\n\t\t\t<span class=\"qodef-cf-double-text-above\">a peu<\/span>\n\t\t\t<span class=\"qodef-cf-double-text-below\" style=\"color: #ffffff\">a peu<\/span>\n\t\t<\/span>\n\t\t\t\t\t<a itemprop=\"url\" class=\"qodef-cf-double-text-link\" href=\"\/ca\/a-peu\" target=\"_self\"><\/a>\n\t\t\t<\/h2>\t\t<\/div>\n\t<\/div>\n\t<\/div><div class=\"qodef-eh-item     \"  data-item-class=\"qodef-eh-custom-5360\" data-680=\"0 0\">\n\t<div class=\"qodef-eh-item-inner\">\n\t\t<div class=\"qodef-eh-item-content qodef-eh-custom-5360\" >\n\t\t\t<div class=\"qodef-banner-holder  qodef-simple qodef-banner-info-default\">\n    <div class=\"qodef-banner-image\">\n        <img width=\"800\" height=\"534\" src=\"https:\/\/www.turismochelva.es\/wp-content\/uploads\/2018\/05\/en-bici-Chelva.jpg\" class=\"attachment-full size-full\" alt=\"\" loading=\"lazy\" srcset=\"https:\/\/www.turismochelva.es\/wp-content\/uploads\/2018\/05\/en-bici-Chelva.jpg 800w, https:\/\/www.turismochelva.es\/wp-content\/uploads\/2018\/05\/en-bici-Chelva-600x401.jpg 600w, https:\/\/www.turismochelva.es\/wp-content\/uploads\/2018\/05\/en-bici-Chelva-300x200.jpg 300w, https:\/\/www.turismochelva.es\/wp-content\/uploads\/2018\/05\/en-bici-Chelva-768x513.jpg 768w\" sizes=\"(max-width: 800px) 100vw, 800px\" \/>    <\/div>\n    <div class=\"qodef-banner-text-holder\" >\n\t    <div class=\"qodef-banner-text-outer\">\n\t\t    <div class=\"qodef-banner-text-inner\">\n\t\t        \t\t        \t\t\t<\/div>\n\t\t<\/div>\n\t<\/div>\n\t        <a itemprop=\"url\" class=\"qodef-banner-link\" href=\"\/amb-bici\/\" target=\"_self\"><\/a>\n    <\/div>\t\t<\/div>\n\t<\/div>\n\t<\/div><div class=\"qodef-eh-item change-background  qodef-horizontal-alignment-center  \" style=\"background-color: #000000\" data-item-class=\"qodef-eh-custom-7633\" data-1280-1600=\"0 0 4% 0\" data-1024-1280=\"0 0 9% 0\" data-768-1024=\"0 0 10% 0\" data-680-768=\"17% 0 20%\" data-680=\"9% 0 26% 0\">\n\t<div class=\"qodef-eh-item-inner\">\n\t\t<div class=\"qodef-eh-item-content qodef-eh-custom-7633\" style=\"padding: 0 0 5% 0\">\n\t\t\t<h2 class=\"qodef-custom-font-holder change-color qodef-cf-3797  qodef-double-text\" style=\"font-family: MarkMyWords;font-size: 80px;line-height: 85px;text-transform: none;text-align: center;color: #f700a9\" data-item-class=\"qodef-cf-3797\" data-font-size-1440=\"70px\" data-font-size-1280=\"60px\" data-font-size-1024=\"50px\" data-font-size-768=\"180px\" data-font-size-680=\"60px\" data-line-height-1440=\"75px\" data-line-height-1280=\"65px\" data-line-height-1024=\"55px\" data-line-height-768=\"200px\" data-line-height-680=\"87px\">\n\t\t\t<span class=\"qodef-cf-double-text-holder\">\n\t\t\t<span class=\"qodef-cf-double-text-above\">amb bici<\/span>\n\t\t\t<span class=\"qodef-cf-double-text-below\" style=\"color: #3f3f3f\">amb bici<\/span>\n\t\t<\/span>\n\t\t\t\t\t<a itemprop=\"url\" class=\"qodef-cf-double-text-link\" href=\"\/ca\/amb-bici\" target=\"_self\"><\/a>\n\t\t\t<\/h2>\t\t<\/div>\n\t<\/div>\n\t<\/div><\/div><div class=\"qodef-elements-holder   qodef-three-columns  qodef-responsive-mode-768 \" ><div class=\"qodef-eh-item change-background  qodef-horizontal-alignment-center  \" style=\"background-color: #f700a9\" data-item-class=\"qodef-eh-custom-7945\" data-1280-1600=\"0 0 4% 0\" data-1024-1280=\"0 0 9% 0\" data-768-1024=\"0 0 10% 0\" data-680-768=\"17% 0 20%\" data-680=\"9% 0 26% 0\">\n\t<div class=\"qodef-eh-item-inner\">\n\t\t<div class=\"qodef-eh-item-content qodef-eh-custom-7945\" style=\"padding: 0 0 5% 0\">\n\t\t\t<h2 class=\"qodef-custom-font-holder  qodef-cf-6908  qodef-double-text\" style=\"font-family: MarkMyWords;font-size: 80px;line-height: 85px;text-align: center\" data-item-class=\"qodef-cf-6908\" data-font-size-1440=\"70px\" data-font-size-1280=\"60px\" data-font-size-1024=\"50px\" data-font-size-768=\"165px\" data-font-size-680=\"60px\" data-line-height-1440=\"75px\" data-line-height-1280=\"65px\" data-line-height-1024=\"55px\" data-line-height-768=\"210px\" data-line-height-680=\"87px\">\n\t\t\t<span class=\"qodef-cf-double-text-holder\">\n\t\t\t<span class=\"qodef-cf-double-text-above\">en fam\u00edlia<\/span>\n\t\t\t<span class=\"qodef-cf-double-text-below\" style=\"color: #ffffff\">en fam\u00edlia<\/span>\n\t\t<\/span>\n\t\t\t\t\t<a itemprop=\"url\" class=\"qodef-cf-double-text-link\" href=\"\/ca\/en-familia\/\" target=\"_self\"><\/a>\n\t\t\t<\/h2>\t\t<\/div>\n\t<\/div>\n\t<\/div><div class=\"qodef-eh-item     \"  data-item-class=\"qodef-eh-custom-9513\" data-680=\"0 0\">\n\t<div class=\"qodef-eh-item-inner\">\n\t\t<div class=\"qodef-eh-item-content qodef-eh-custom-9513\" >\n\t\t\t<div class=\"qodef-banner-holder  qodef-simple qodef-banner-info-default\">\n    <div class=\"qodef-banner-image\">\n        <img width=\"800\" height=\"534\" src=\"https:\/\/www.turismochelva.es\/wp-content\/uploads\/2018\/07\/en-familia2.jpg\" class=\"attachment-full size-full\" alt=\"\" loading=\"lazy\" srcset=\"https:\/\/www.turismochelva.es\/wp-content\/uploads\/2018\/07\/en-familia2.jpg 800w, https:\/\/www.turismochelva.es\/wp-content\/uploads\/2018\/07\/en-familia2-600x401.jpg 600w, https:\/\/www.turismochelva.es\/wp-content\/uploads\/2018\/07\/en-familia2-300x200.jpg 300w, https:\/\/www.turismochelva.es\/wp-content\/uploads\/2018\/07\/en-familia2-768x513.jpg 768w\" sizes=\"(max-width: 800px) 100vw, 800px\" \/>    <\/div>\n    <div class=\"qodef-banner-text-holder\" >\n\t    <div class=\"qodef-banner-text-outer\">\n\t\t    <div class=\"qodef-banner-text-inner\">\n\t\t        \t\t        \t\t\t<\/div>\n\t\t<\/div>\n\t<\/div>\n\t        <a itemprop=\"url\" class=\"qodef-banner-link\" href=\"\/ca\/en-familia\/\" target=\"_self\"><\/a>\n    <\/div>\t\t<\/div>\n\t<\/div>\n\t<\/div><div class=\"qodef-eh-item change-background  qodef-horizontal-alignment-center  \" style=\"background-color: #000000\" data-item-class=\"qodef-eh-custom-6893\" data-1280-1600=\"0 0 4% 0\" data-1024-1280=\"0 0 9% 0\" data-768-1024=\"0 0 10% 0\" data-680-768=\"17% 0 20%\" data-680=\"9% 0 26% 0\">\n\t<div class=\"qodef-eh-item-inner\">\n\t\t<div class=\"qodef-eh-item-content qodef-eh-custom-6893\" style=\"padding: 0 0 5% 0\">\n\t\t\t<h2 class=\"qodef-custom-font-holder change-color qodef-cf-2144  qodef-double-text\" style=\"font-family: MarkMyWords;font-size: 80px;line-height: 85px;text-transform: none;text-align: center;color: #f700a9\" data-item-class=\"qodef-cf-2144\" data-font-size-1440=\"70px\" data-font-size-1280=\"60px\" data-font-size-1024=\"50px\" data-font-size-768=\"180px\" data-font-size-680=\"60px\" data-line-height-1440=\"75px\" data-line-height-1280=\"65px\" data-line-height-1024=\"55px\" data-line-height-768=\"200px\" data-line-height-680=\"87px\">\n\t\t\t<span class=\"qodef-cf-double-text-holder\">\n\t\t\t<span class=\"qodef-cf-double-text-above\">experi\u00e8ncies<\/span>\n\t\t\t<span class=\"qodef-cf-double-text-below\" style=\"color: #3f3f3f\">experi\u00e8ncies<\/span>\n\t\t<\/span>\n\t\t\t\t\t<a itemprop=\"url\" class=\"qodef-cf-double-text-link\" href=\"\/ca\/experiencies\/\" target=\"_self\"><\/a>\n\t\t\t<\/h2>\t\t<\/div>\n\t<\/div>\n\t<\/div><div class=\"qodef-eh-item     \"  data-item-class=\"qodef-eh-custom-6442\" data-680=\"0 0\">\n\t<div class=\"qodef-eh-item-inner\">\n\t\t<div class=\"qodef-eh-item-content qodef-eh-custom-6442\" >\n\t\t\t<div class=\"qodef-banner-holder  qodef-simple qodef-banner-info-default\">\n    <div class=\"qodef-banner-image\">\n        <img width=\"800\" height=\"534\" src=\"https:\/\/www.turismochelva.es\/wp-content\/uploads\/2018\/05\/experiencias.jpg\" class=\"attachment-full size-full\" alt=\"\" loading=\"lazy\" srcset=\"https:\/\/www.turismochelva.es\/wp-content\/uploads\/2018\/05\/experiencias.jpg 800w, https:\/\/www.turismochelva.es\/wp-content\/uploads\/2018\/05\/experiencias-600x401.jpg 600w, https:\/\/www.turismochelva.es\/wp-content\/uploads\/2018\/05\/experiencias-300x200.jpg 300w, https:\/\/www.turismochelva.es\/wp-content\/uploads\/2018\/05\/experiencias-768x513.jpg 768w\" sizes=\"(max-width: 800px) 100vw, 800px\" \/>    <\/div>\n    <div class=\"qodef-banner-text-holder\" >\n\t    <div class=\"qodef-banner-text-outer\">\n\t\t    <div class=\"qodef-banner-text-inner\">\n\t\t        \t\t        \t\t\t<\/div>\n\t\t<\/div>\n\t<\/div>\n\t        <a itemprop=\"url\" class=\"qodef-banner-link\" href=\"\/ca\/experiencies\/\" target=\"_self\"><\/a>\n    <\/div>\t\t<\/div>\n\t<\/div>\n\t<\/div><\/div>[\/vc_column][\/vc_row][vc_row row_content_width=&#8221;grid&#8221; simple_background_color=&#8221;#f6f6f6&#8243; css=&#8221;.vc_custom_1505300008742{padding-top: 100px !important;}&#8221;][vc_column]<div class=\"qodef-elements-holder   qodef-one-column  qodef-responsive-mode-768 \" ><div class=\"qodef-eh-item     \"  data-item-class=\"qodef-eh-custom-2841\" data-1024-1280=\"0 42% 0 0\" data-768-1024=\"0 15% 0 0\" data-680-768=\"0 0\" data-680=\"0 0\">\n\t<div class=\"qodef-eh-item-inner\">\n\t\t<div class=\"qodef-eh-item-content qodef-eh-custom-2841\" style=\"padding: 0 50% 0 0\">\n\t\t\t<div class=\"qodef-section-title-holder  qodef-st-standard qodef-st-title-left qodef-st-normal-space qodef-st-disable-title-break qodef-st-with-border\" style=\"text-align: left\">\n\t<div class=\"qodef-st-inner\">\n\t\t\t\t\t<h2 class=\"qodef-st-title\" >\n\t\t\t\t<span class=\"qodef-st-title-bold\">Agenda<\/span> de<br \/> Xelva\t\t\t<\/h2>\n\t\t\t\t\t<\/div>\n<\/div>[vc_empty_space height=&#8221;40px&#8221;]\t\t<\/div>\n\t<\/div>\n\t<\/div><\/div>[\/vc_column][\/vc_row][vc_row simple_background_color=&#8221;#f6f6f6&#8243; css=&#8221;.vc_custom_1530700392748{padding-right: 30px !important;padding-left: 30px !important;}&#8221;][vc_column]<div class=\"qodef-blog-list-holder qodef-bl-masonry qodef-bl-three-columns qodef-normal-space qodef-bl-pag-no-pagination\"  data-type=\"masonry\" data-number-of-posts=\"3\" data-number-of-columns=\"3\" data-space-between-items=\"normal\" data-order-by=\"date\" data-order=\"DESC\" data-image-size=\"getaway_qodef_landscape\" data-title-tag=\"h4\" data-enable-excerpt=\"yes\" data-excerpt-length=\"30\" data-post-info-section=\"yes\" data-post-info-image=\"yes\" data-post-info-author=\"no\" data-post-info-date=\"yes\" data-post-info-category=\"no\" data-post-info-comments=\"no\" data-post-info-like=\"no\" data-post-info-share=\"no\" data-pagination-type=\"no-pagination\" data-link-tag=\"h4\" data-quote-tag=\"h4\" data-holder-classes=\"qodef-bl-masonry qodef-bl-three-columns qodef-normal-space qodef-bl-pag-no-pagination\" data-max-num-pages=\"1\" data-next-page=\"2\">\n\t<div class=\"qodef-bl-wrapper qodef-outer-space\">\n\t\t<div class=\"qodef-blog-list\">\n\t\t\t<div class=\"qodef-bl-grid-sizer\"><\/div>\n\t\t\t<div class=\"qodef-bl-grid-gutter\"><\/div>\n\t\t\t<article class=\"qodef-bl-item qodef-item-space clearfix\">\n    <div class=\"qodef-bli-inner\">\n        \n        <div class=\"qodef-bli-content\">\n\n            \n<h4 itemprop=\"name\" class=\"entry-title qodef-post-title\" >\n            <a itemprop=\"url\" href=\"https:\/\/www.turismochelva.es\/ca\/sin-categorizar\/__trashed\/\" title=\"Chelva acollir\u00e0 les I Jornades de Turisme d&#8217;El Peri\u00f3dico de Aqu\u00ed en La Serran\u00eda\">\n            Chelva acollir\u00e0 les I Jornades de Turisme d&#8217;El Peri\u00f3dico de Aqu\u00ed en La Serran\u00eda            <\/a>\n    <\/h4>                            <div class=\"qodef-bli-excerpt\">\n                    \t\t<div class=\"qodef-post-excerpt-holder\">\n\t\t\t<p itemprop=\"description\" class=\"qodef-post-excerpt\">\n\t\t\t\tEl 7 d'agost vinent, Chelva es convertir\u00e0 en l'epicentre del turisme d'interior amb la celebraci\u00f3 de les primeres Jornades de Turisme de la Regi\u00f3 muntanyenca, organitzades per El Peri\u00f3dico de\t\t\t<\/p>\n\t\t<\/div>\n\t                <\/div>\n            \n                            <div class=\"qodef-bli-info\">\n                    <div itemprop=\"dateCreated\" class=\"qodef-post-info-date entry-date published updated\">\n    <span class=\"qodef-post-info-icon icon_calendar\"><\/span>\n            <a itemprop=\"url\" href=\"https:\/\/www.turismochelva.es\/ca\/2024\/08\/\">\n    \n        02\/08\/2024        <\/a>\n    <meta itemprop=\"interactionCount\" content=\"UserComments: 0\"\/>\n<\/div>                <\/div>\n            \n        <\/div>\n    <\/div>\n<\/article>\t\t<\/div>\n\t<\/div>\n\t<\/div>[\/vc_column][\/vc_row][vc_row][vc_column][vc_video link=&#8221;https:\/\/youtu.be\/vmmsMDzfPCw&#8221; align=&#8221;center&#8221;][\/vc_column][\/vc_row]<\/p>\n","protected":false},"excerpt":{"rendered":"<p>[vc_row content_text_aligment=&#8221;right&#8221; overlapping_text=&#8221;XELVA&#8221; overlapping_text_color=&#8221;#f4f4f4&#8243; css=&#8221;.vc_custom_1624982019242{margin-top: -80px !important;background-color: #ffffff !important;}&#8221;][vc_column][rev_slider_vc alias=&#8221;va-chelva-homepage&#8221; enable_paspartu=&#8221;no&#8221;][\/vc_column][\/vc_row][vc_row row_content_width=&#8221;grid&#8221;][vc_column][vc_empty_space height=&#8221;60px&#8221;][vc_empty_space height=&#8221;60px&#8221;][\/vc_column][\/vc_row][vc_row css=&#8221;.vc_custom_1530700234414{padding-top: 10px !important;padding-right: 10px !important;padding-left: 10px !important;}&#8221; simple_background_color=&#8221;#f6f6f6&#8243;][vc_column][\/vc_column][\/vc_row][vc_row row_content_width=&#8221;grid&#8221; css=&#8221;.vc_custom_1504790003226{padding-top: 97px !important;}&#8221;][vc_column][\/vc_column][\/vc_row][vc_row][vc_column][\/vc_column][\/vc_row][vc_row row_content_width=&#8221;grid&#8221; simple_background_color=&#8221;#f6f6f6&#8243; css=&#8221;.vc_custom_1505300008742{padding-top: 100px !important;}&#8221;][vc_column][\/vc_column][\/vc_row][vc_row simple_background_color=&#8221;#f6f6f6&#8243; css=&#8221;.vc_custom_1530700392748{padding-right: 30px !important;padding-left: 30px !important;}&#8221;][vc_column][\/vc_column][\/vc_row][vc_row][vc_column][vc_video link=&#8221;https:\/\/youtu.be\/vmmsMDzfPCw&#8221; align=&#8221;center&#8221;][\/vc_column][\/vc_row]<\/p>\n","protected":false},"author":2,"featured_media":5215,"parent":0,"menu_order":0,"comment_status":"closed","ping_status":"closed","template":"full-width.php","meta":[],"_links":{"self":[{"href":"https:\/\/www.turismochelva.es\/ca\/wp-json\/wp\/v2\/pages\/6833"}],"collection":[{"href":"https:\/\/www.turismochelva.es\/ca\/wp-json\/wp\/v2\/pages"}],"about":[{"href":"https:\/\/www.turismochelva.es\/ca\/wp-json\/wp\/v2\/types\/page"}],"author":[{"embeddable":true,"href":"https:\/\/www.turismochelva.es\/ca\/wp-json\/wp\/v2\/users\/2"}],"replies":[{"embeddable":true,"href":"https:\/\/www.turismochelva.es\/ca\/wp-json\/wp\/v2\/comments?post=6833"}],"version-history":[{"count":7,"href":"https:\/\/www.turismochelva.es\/ca\/wp-json\/wp\/v2\/pages\/6833\/revisions"}],"predecessor-version":[{"id":7041,"href":"https:\/\/www.turismochelva.es\/ca\/wp-json\/wp\/v2\/pages\/6833\/revisions\/7041"}],"wp:featuredmedia":[{"embeddable":true,"href":"https:\/\/www.turismochelva.es\/ca\/wp-json\/wp\/v2\/media\/5215"}],"wp:attachment":[{"href":"https:\/\/www.turismochelva.es\/ca\/wp-json\/wp\/v2\/media?parent=6833"}],"curies":[{"name":"wp","href":"https:\/\/api.w.org\/{rel}","templated":true}]}}